{"id":2659,"date":"2021-03-02T17:22:57","date_gmt":"2021-03-02T16:22:57","guid":{"rendered":"https:\/\/softicated.com\/?post_type=product&#038;p=2659"},"modified":"2026-09-03T13:04:55","modified_gmt":"2026-09-03T11:04:55","slug":"canape-2-places-saddlebags","status":"publish","type":"product","link":"https:\/\/softicated.com\/de\/produit\/canape-2-places-saddlebags\/","title":{"rendered":"Modernes Sofa 2-Sitzer Schweiz"},"content":{"rendered":"<p class=\"p1 translation-block\">\u00c4sthetik, Komfort und Funktionalit\u00e4t kennzeichnen diese einzigartige und originelle Kollektion. Diese Kollektion besteht aus zwei- oder dreisitzigen Sofas und einem Sessel.\n\nDie Struktur besteht aus Sperrholz und Massivholz; R\u00fcckenlehne, Sitz und Gestell bestehen aus Polyurethanschaum unterschiedlicher Dichte. Die Aufh\u00e4ngungen bestehen aus elastischen B\u00e4ndern aus Polypropylen und Gummi.<\/p>\n<p class=\"p1\">Die Truhen verleihen dieser Kollektion Originalit\u00e4t. Sie sind aus Sperrholz mit \u201eCanaletto\u201c-Walnussfurnier und transparentem Mattlack gefertigt. Die Truhen verf\u00fcgen \u00fcber ein System, das es erm\u00f6glicht, den Deckel beim Abnehmen nicht festzuhalten, was die Handhabung der Truhen erleichtert. Da die Truhe ohne einzelne F\u00e4cher konzipiert ist, bietet sie eine Vielzahl von Aufbewahrungskombinationen. B\u00fccher, Zeitschriften, Decken usw. k\u00f6nnen problemlos aufbewahrt werden.<\/p>\n<p class=\"p1\">Es besteht die M\u00f6glichkeit, dieses Sofa mit einer einzelnen Kommode zu personalisieren, wobei die Option offen bleibt, beispielsweise einen Couchtisch auf der gegen\u00fcberliegenden Seite der Kommode zu platzieren.<\/p>\n<p><strong>Materialien<\/strong><\/p>\n<p>Die Kollektion ist in verschiedenen Bez\u00fcgen erh\u00e4ltlich: Stoff, Samt und Leder.<\/p>\n<p class=\"p1\">Die Griffe der Truhen und die F\u00fc\u00dfe sind aus Metall gefertigt und in verschiedenen Ausf\u00fchrungen, Farben und Materialien erh\u00e4ltlich: Chrom, Champagner und Schwarz.<\/p>\n<p>Die Truhen werden separat von den Sofas und Sesseln geliefert und lassen sich dank eines durchdachten Befestigungssystems ganz einfach und schnell ohne Werkzeug an den Armlehnen montieren.<\/p>\n<p class=\"p1\">Jedes M\u00f6belst\u00fcck wird auf Bestellung gefertigt, sodass Sie einen Bezug aus der Softicated-Kollektion w\u00e4hlen oder Ihren eigenen Bezug ausw\u00e4hlen k\u00f6nnen.<\/p>","protected":false},"excerpt":{"rendered":"<p>Esth\u00e9tisme, confort et fonctionnalit\u00e9 caract\u00e9risent cette collection originale et unique. Cette collection se d\u00e9cline en canap\u00e9s deux et trois places et en un fauteuil. La structure est en multiplis et bois massif; le rembourrage du dossier, de l\u2019assise et du ch\u00e2ssis sont en mousse polyur\u00e9thane aux densit\u00e9s diff\u00e9rentes. Les suspensions sont des sangles \u00e9lastiques en [&hellip;]<\/p>","protected":false},"featured_media":12105,"comment_status":"closed","ping_status":"closed","template":"","meta":{"_acf_changed":false},"product_brand":[],"product_cat":[103],"product_tag":[],"collections":[35],"awards":[],"by_color":[],"by_style":[],"class_list":{"0":"post-2659","1":"product","2":"type-product","3":"status-publish","4":"has-post-thumbnail","6":"product_cat-canape","7":"collections-saddlebags","9":"first","10":"instock","11":"shipping-taxable","12":"product-type-simple"},"acf":[],"yoast_head":"<!-- This site is optimized with the Yoast SEO Premium plugin v25.7.1 (Yoast SEO v27.6) - https:\/\/yoast.com\/product\/yoast-seo-premium-wordpress\/ -->\n<title>Canap\u00e9 2 places moderne suisse - Softicated<\/title>\n<meta name=\"description\" content=\"Cette collection se d\u00e9cline en canap\u00e9s deux et trois places et en un fauteuil. Les coffres donnent leurs originalit\u00e9 \u00e0 la collection.\" \/>\n<meta name=\"robots\" content=\"index, follow, max-snippet:-1, max-image-preview:large, max-video-preview:-1\" \/>\n<link rel=\"canonical\" href=\"https:\/\/softicated.com\/de\/produit\/canape-2-places-saddlebags\/\" \/>\n<meta property=\"og:locale\" content=\"de_DE\" \/>\n<meta property=\"og:type\" content=\"article\" \/>\n<meta property=\"og:title\" content=\"Canap\u00e9 2 places moderne suisse\" \/>\n<meta property=\"og:description\" content=\"Cette collection se d\u00e9cline en canap\u00e9s deux et trois places et en un fauteuil. Les coffres donnent leurs originalit\u00e9 \u00e0 la collection.\" \/>\n<meta property=\"og:url\" content=\"https:\/\/softicated.com\/de\/produit\/canape-2-places-saddlebags\/\" \/>\n<meta property=\"og:site_name\" content=\"Softicated\" \/>\n<meta property=\"article:publisher\" content=\"https:\/\/www.facebook.com\/Softicated\" \/>\n<meta property=\"article:modified_time\" content=\"2026-09-03T11:04:55+00:00\" \/>\n<meta property=\"og:image\" content=\"https:\/\/softicated.com\/wp-content\/uploads\/2021\/03\/seating_saddlebags_sofa-2-seater_01-1.webp\" \/>\n\t<meta property=\"og:image:width\" content=\"1800\" \/>\n\t<meta property=\"og:image:height\" content=\"1800\" \/>\n\t<meta property=\"og:image:type\" content=\"image\/webp\" \/>\n<meta name=\"twitter:card\" content=\"summary_large_image\" \/>\n<script type=\"application\/ld+json\" class=\"yoast-schema-graph\">{\"@context\":\"https:\\\/\\\/schema.org\",\"@graph\":[{\"@type\":\"WebPage\",\"@id\":\"https:\\\/\\\/softicated.com\\\/produit\\\/canape-2-places-saddlebags\\\/\",\"url\":\"https:\\\/\\\/softicated.com\\\/produit\\\/canape-2-places-saddlebags\\\/\",\"name\":\"Canap\u00e9 2 places moderne suisse - Softicated\",\"isPartOf\":{\"@id\":\"https:\\\/\\\/softicated.com\\\/#website\"},\"primaryImageOfPage\":{\"@id\":\"https:\\\/\\\/softicated.com\\\/produit\\\/canape-2-places-saddlebags\\\/#primaryimage\"},\"image\":{\"@id\":\"https:\\\/\\\/softicated.com\\\/produit\\\/canape-2-places-saddlebags\\\/#primaryimage\"},\"thumbnailUrl\":\"https:\\\/\\\/softicated.com\\\/wp-content\\\/uploads\\\/2021\\\/03\\\/seating_saddlebags_sofa-2-seater_01-1.webp\",\"datePublished\":\"2021-03-02T16:22:57+00:00\",\"dateModified\":\"2026-09-03T11:04:55+00:00\",\"description\":\"Cette collection se d\u00e9cline en canap\u00e9s deux et trois places et en un fauteuil. Les coffres donnent leurs originalit\u00e9 \u00e0 la collection.\",\"breadcrumb\":{\"@id\":\"https:\\\/\\\/softicated.com\\\/produit\\\/canape-2-places-saddlebags\\\/#breadcrumb\"},\"inLanguage\":\"de-CH\",\"potentialAction\":[{\"@type\":\"ReadAction\",\"target\":[\"https:\\\/\\\/softicated.com\\\/produit\\\/canape-2-places-saddlebags\\\/\"]}]},{\"@type\":\"ImageObject\",\"inLanguage\":\"de-CH\",\"@id\":\"https:\\\/\\\/softicated.com\\\/produit\\\/canape-2-places-saddlebags\\\/#primaryimage\",\"url\":\"https:\\\/\\\/softicated.com\\\/wp-content\\\/uploads\\\/2021\\\/03\\\/seating_saddlebags_sofa-2-seater_01-1.webp\",\"contentUrl\":\"https:\\\/\\\/softicated.com\\\/wp-content\\\/uploads\\\/2021\\\/03\\\/seating_saddlebags_sofa-2-seater_01-1.webp\",\"width\":1800,\"height\":1800,\"caption\":\"Canap\u00e9 2 places\"},{\"@type\":\"BreadcrumbList\",\"@id\":\"https:\\\/\\\/softicated.com\\\/produit\\\/canape-2-places-saddlebags\\\/#breadcrumb\",\"itemListElement\":[{\"@type\":\"ListItem\",\"position\":1,\"name\":\"Accueil\",\"item\":\"https:\\\/\\\/softicated.com\\\/\"},{\"@type\":\"ListItem\",\"position\":2,\"name\":\"Produits Mobilier Premium Softicated\",\"item\":\"https:\\\/\\\/softicated.com\\\/produits\\\/\"},{\"@type\":\"ListItem\",\"position\":3,\"name\":\"Assise design\",\"item\":\"https:\\\/\\\/softicated.com\\\/categorie-produit\\\/assises\\\/\"},{\"@type\":\"ListItem\",\"position\":4,\"name\":\"Canap\u00e9 moderne Suisse\",\"item\":\"https:\\\/\\\/softicated.com\\\/categorie-produit\\\/assises\\\/canape\\\/\"},{\"@type\":\"ListItem\",\"position\":5,\"name\":\"canap\u00e9 2 places moderne suisse\"}]},{\"@type\":\"WebSite\",\"@id\":\"https:\\\/\\\/softicated.com\\\/#website\",\"url\":\"https:\\\/\\\/softicated.com\\\/\",\"name\":\"Softicated\",\"description\":\"Cr\u00e9ateur de meubles, luminaires et tapis premium\",\"publisher\":{\"@id\":\"https:\\\/\\\/softicated.com\\\/#organization\"},\"potentialAction\":[{\"@type\":\"SearchAction\",\"target\":{\"@type\":\"EntryPoint\",\"urlTemplate\":\"https:\\\/\\\/softicated.com\\\/?s={search_term_string}\"},\"query-input\":{\"@type\":\"PropertyValueSpecification\",\"valueRequired\":true,\"valueName\":\"search_term_string\"}}],\"inLanguage\":\"de-CH\"},{\"@type\":\"Organization\",\"@id\":\"https:\\\/\\\/softicated.com\\\/#organization\",\"name\":\"Softicated\",\"url\":\"https:\\\/\\\/softicated.com\\\/\",\"logo\":{\"@type\":\"ImageObject\",\"inLanguage\":\"de-CH\",\"@id\":\"https:\\\/\\\/softicated.com\\\/#\\\/schema\\\/logo\\\/image\\\/\",\"url\":\"https:\\\/\\\/softicated.com\\\/wp-content\\\/uploads\\\/2025\\\/11\\\/logo-dark-2.svg\",\"contentUrl\":\"https:\\\/\\\/softicated.com\\\/wp-content\\\/uploads\\\/2025\\\/11\\\/logo-dark-2.svg\",\"caption\":\"Softicated\"},\"image\":{\"@id\":\"https:\\\/\\\/softicated.com\\\/#\\\/schema\\\/logo\\\/image\\\/\"},\"sameAs\":[\"https:\\\/\\\/www.facebook.com\\\/Softicated\",\"https:\\\/\\\/www.pinterest.com\\\/softicateddesign\",\"https:\\\/\\\/www.instagram.com\\\/softicated.design\"]}]}<\/script>\n<!-- \/ Yoast SEO Premium plugin. -->","yoast_head_json":{"title":"Modernes Sofa 2-Sitzer Schweiz - Softicated","description":"Cette collection se d\u00e9cline en canap\u00e9s deux et trois places et en un fauteuil. Les coffres donnent leurs originalit\u00e9 \u00e0 la collection.","robots":{"index":"index","follow":"follow","max-snippet":"max-snippet:-1","max-image-preview":"max-image-preview:large","max-video-preview":"max-video-preview:-1"},"canonical":"https:\/\/softicated.com\/de\/produit\/canape-2-places-saddlebags\/","og_locale":"de_DE","og_type":"article","og_title":"Canap\u00e9 2 places moderne suisse","og_description":"Cette collection se d\u00e9cline en canap\u00e9s deux et trois places et en un fauteuil. Les coffres donnent leurs originalit\u00e9 \u00e0 la collection.","og_url":"https:\/\/softicated.com\/de\/produit\/canape-2-places-saddlebags\/","og_site_name":"Softicated","article_publisher":"https:\/\/www.facebook.com\/Softicated","article_modified_time":"2026-09-03T11:04:55+00:00","og_image":[{"width":1800,"height":1800,"url":"https:\/\/softicated.com\/wp-content\/uploads\/2021\/03\/seating_saddlebags_sofa-2-seater_01-1.webp","type":"image\/webp"}],"twitter_card":"summary_large_image","schema":{"@context":"https:\/\/schema.org","@graph":[{"@type":"WebPage","@id":"https:\/\/softicated.com\/produit\/canape-2-places-saddlebags\/","url":"https:\/\/softicated.com\/produit\/canape-2-places-saddlebags\/","name":"Modernes Sofa 2-Sitzer Schweiz - Softicated","isPartOf":{"@id":"https:\/\/softicated.com\/#website"},"primaryImageOfPage":{"@id":"https:\/\/softicated.com\/produit\/canape-2-places-saddlebags\/#primaryimage"},"image":{"@id":"https:\/\/softicated.com\/produit\/canape-2-places-saddlebags\/#primaryimage"},"thumbnailUrl":"https:\/\/softicated.com\/wp-content\/uploads\/2021\/03\/seating_saddlebags_sofa-2-seater_01-1.webp","datePublished":"2021-03-02T16:22:57+00:00","dateModified":"2026-09-03T11:04:55+00:00","description":"Cette collection se d\u00e9cline en canap\u00e9s deux et trois places et en un fauteuil. Les coffres donnent leurs originalit\u00e9 \u00e0 la collection.","breadcrumb":{"@id":"https:\/\/softicated.com\/produit\/canape-2-places-saddlebags\/#breadcrumb"},"inLanguage":"de-CH","potentialAction":[{"@type":"ReadAction","target":["https:\/\/softicated.com\/produit\/canape-2-places-saddlebags\/"]}]},{"@type":"ImageObject","inLanguage":"de-CH","@id":"https:\/\/softicated.com\/produit\/canape-2-places-saddlebags\/#primaryimage","url":"https:\/\/softicated.com\/wp-content\/uploads\/2021\/03\/seating_saddlebags_sofa-2-seater_01-1.webp","contentUrl":"https:\/\/softicated.com\/wp-content\/uploads\/2021\/03\/seating_saddlebags_sofa-2-seater_01-1.webp","width":1800,"height":1800,"caption":"Canap\u00e9 2 places"},{"@type":"BreadcrumbList","@id":"https:\/\/softicated.com\/produit\/canape-2-places-saddlebags\/#breadcrumb","itemListElement":[{"@type":"ListItem","position":1,"name":"Accueil","item":"https:\/\/softicated.com\/"},{"@type":"ListItem","position":2,"name":"Produits Mobilier Premium Softicated","item":"https:\/\/softicated.com\/produits\/"},{"@type":"ListItem","position":3,"name":"Assise design","item":"https:\/\/softicated.com\/categorie-produit\/assises\/"},{"@type":"ListItem","position":4,"name":"Canap\u00e9 moderne Suisse","item":"https:\/\/softicated.com\/categorie-produit\/assises\/canape\/"},{"@type":"ListItem","position":5,"name":"canap\u00e9 2 places moderne suisse"}]},{"@type":"WebSite","@id":"https:\/\/softicated.com\/#website","url":"https:\/\/softicated.com\/","name":"Softicated","description":"Sch\u00f6pfer hochwertiger M\u00f6bel, Leuchten und Teppiche","publisher":{"@id":"https:\/\/softicated.com\/#organization"},"potentialAction":[{"@type":"SearchAction","target":{"@type":"EntryPoint","urlTemplate":"https:\/\/softicated.com\/?s={search_term_string}"},"query-input":{"@type":"PropertyValueSpecification","valueRequired":true,"valueName":"search_term_string"}}],"inLanguage":"de-CH"},{"@type":"Organization","@id":"https:\/\/softicated.com\/#organization","name":"Softicated","url":"https:\/\/softicated.com\/","logo":{"@type":"ImageObject","inLanguage":"de-CH","@id":"https:\/\/softicated.com\/#\/schema\/logo\/image\/","url":"https:\/\/softicated.com\/wp-content\/uploads\/2025\/11\/logo-dark-2.svg","contentUrl":"https:\/\/softicated.com\/wp-content\/uploads\/2025\/11\/logo-dark-2.svg","caption":"Softicated"},"image":{"@id":"https:\/\/softicated.com\/#\/schema\/logo\/image\/"},"sameAs":["https:\/\/www.facebook.com\/Softicated","https:\/\/www.pinterest.com\/softicateddesign","https:\/\/www.instagram.com\/softicated.design"]}]}},"_links":{"self":[{"href":"https:\/\/softicated.com\/de\/wp-json\/wp\/v2\/product\/2659","targetHints":{"allow":["GET"]}}],"collection":[{"href":"https:\/\/softicated.com\/de\/wp-json\/wp\/v2\/product"}],"about":[{"href":"https:\/\/softicated.com\/de\/wp-json\/wp\/v2\/types\/product"}],"replies":[{"embeddable":true,"href":"https:\/\/softicated.com\/de\/wp-json\/wp\/v2\/comments?post=2659"}],"wp:featuredmedia":[{"embeddable":true,"href":"https:\/\/softicated.com\/de\/wp-json\/wp\/v2\/media\/12105"}],"wp:attachment":[{"href":"https:\/\/softicated.com\/de\/wp-json\/wp\/v2\/media?parent=2659"}],"wp:term":[{"taxonomy":"product_brand","embeddable":true,"href":"https:\/\/softicated.com\/de\/wp-json\/wp\/v2\/product_brand?post=2659"},{"taxonomy":"product_cat","embeddable":true,"href":"https:\/\/softicated.com\/de\/wp-json\/wp\/v2\/product_cat?post=2659"},{"taxonomy":"product_tag","embeddable":true,"href":"https:\/\/softicated.com\/de\/wp-json\/wp\/v2\/product_tag?post=2659"},{"taxonomy":"collections","embeddable":true,"href":"https:\/\/softicated.com\/de\/wp-json\/wp\/v2\/collections?post=2659"},{"taxonomy":"awards","embeddable":true,"href":"https:\/\/softicated.com\/de\/wp-json\/wp\/v2\/awards?post=2659"},{"taxonomy":"by_color","embeddable":true,"href":"https:\/\/softicated.com\/de\/wp-json\/wp\/v2\/by_color?post=2659"},{"taxonomy":"by_style","embeddable":true,"href":"https:\/\/softicated.com\/de\/wp-json\/wp\/v2\/by_style?post=2659"}],"curies":[{"name":"wp","href":"https:\/\/api.w.org\/{rel}","templated":true}]}}